{"id":546,"date":"2022-07-07T16:41:32","date_gmt":"2022-07-07T16:41:32","guid":{"rendered":"https:\/?page_id=546"},"modified":"2026-01-14T21:54:48","modified_gmt":"2026-01-14T21:54:48","slug":"polo-team","status":"publish","type":"page","link":"https:\/\/laensenadapolo.com\/en\/polo-team\/","title":{"rendered":"Polo Team"},"content":{"rendered":"<p>[et_pb_section fb_built=&#8221;1&#8243; fullwidth=&#8221;on&#8221; _builder_version=&#8221;4.27.5&#8243; _module_preset=&#8221;default&#8221; background_image=&#8221;https:\/\/laensenadapolo.com\/wp-content\/uploads\/2026\/01\/DJI_0007-scaled.jpg&#8221; background_position=&#8221;top_center&#8221; hover_enabled=&#8221;0&#8243; collapsed=&#8221;off&#8221; global_colors_info=&#8221;{}&#8221; sticky_enabled=&#8221;0&#8243;][et_pb_fullwidth_header title=&#8221;La ensenada Polo Team&#8221; header_fullscreen=&#8221;on&#8221; content_orientation=&#8221;bottom&#8221; title_tablet=&#8221;La ensenada Polo Team&#8221; title_phone=&#8221;&#8221; title_last_edited=&#8221;on|desktop&#8221; content_tablet=&#8221;<\/p>\n<p data-pm-slice=%221 1 %91%93%22><span>Desde nuestros <\/span><span><strong>campos de polo<\/strong><\/span><span> en <\/span><span><strong>La Ensenada<\/strong><\/span><span>, llevamos el esp\u00edritu del <\/span><span><strong>Polo Club<\/strong><\/span><span> al m\u00e1s alto nivel competitivo. Nuestro equipo participa en los torneos m\u00e1s exigentes del mundo, incluyendo el prestigioso <\/span><span><strong>Campeonato Argentino Abierto de Polo<\/strong><\/span><span>, representando un modelo de compromiso, formaci\u00f3n y rendimiento.<\/span><\/p>\n<\/p>\n<p><span><\/span><\/p>\n<p data-pm-slice=%221 1 %91%93%22><span><\/span><\/p>\n<p><span>La Ensenada Polo Team es el resultado de una visi\u00f3n clara: consolidar un club donde se formen jugadores de \u00e9lite, se respire camarader\u00eda y se cultive el legado del polo argentino.<\/span><\/p>\n<p>&#8221; content_phone=&#8221;&#8221; content_last_edited=&#8221;on|phone&#8221; admin_label=&#8221;T\u00edtulo de anchura completa&#8221; _builder_version=&#8221;4.27.5&#8243; _module_preset=&#8221;default&#8221; title_font=&#8221;TT Travels Bold||||||||&#8221; title_font_size=&#8221;42px&#8221; content_text_align=&#8221;left&#8221; content_font_size=&#8221;20px&#8221; background_enable_color=&#8221;off&#8221; use_background_color_gradient=&#8221;on&#8221; background_color_gradient_stops=&#8221;rgba(255,255,255,0) 50%|#000000 100%&#8221; width=&#8221;100%&#8221; module_alignment=&#8221;left&#8221; global_colors_info=&#8221;{}&#8221;]<\/p>\n<p data-pm-slice=\"1 1 []\">Desde nuestros <strong>campos de polo<\/strong> en <strong>La Ensenada<\/strong>, llevamos el esp\u00edritu del <strong>Polo Club<\/strong> al m\u00e1s alto nivel competitivo. Nuestro equipo participa en los torneos m\u00e1s exigentes del mundo, incluyendo el prestigioso <strong>Campeonato Argentino Abierto de Polo<\/strong>, representando un modelo de compromiso, formaci\u00f3n y rendimiento.<\/p>\n<p>&nbsp;<\/p>\n<p>&nbsp;<\/p>\n<p data-pm-slice=\"1 1 []\">\n<p>La Ensenada Polo Team es el resultado de una visi\u00f3n clara: consolidar un club donde se formen jugadores de \u00e9lite, se respire camarader\u00eda y se cultive el legado del polo argentino.<\/p>\n<p>[\/et_pb_fullwidth_header][\/et_pb_section][et_pb_section fb_built=&#8221;1&#8243; fullwidth=&#8221;on&#8221; disabled_on=&#8221;off|off|on&#8221; _builder_version=&#8221;4.27.5&#8243; _module_preset=&#8221;default&#8221; custom_css_before=&#8221;display: hide&#8221; global_colors_info=&#8221;{}&#8221;][et_pb_fullwidth_header title=&#8221;La ensenada Polo Team&#8221; title_tablet=&#8221;La ensenada Polo Team&#8221; title_phone=&#8221;La ensenada Polo Team&#8221; title_last_edited=&#8221;on|phone&#8221; content_tablet=&#8221;<\/p>\n<p data-pm-slice=%221 1 %91%93%22><span>Desde nuestros <\/span><span><strong>campos de polo<\/strong><\/span><span> en <\/span><span><strong>La Ensenada<\/strong><\/span><span>, llevamos el esp\u00edritu del <\/span><span><strong>Polo Club<\/strong><\/span><span> al m\u00e1s alto nivel competitivo. Nuestro equipo participa en los torneos m\u00e1s exigentes del mundo, incluyendo el prestigioso <\/span><span><strong>Campeonato Argentino Abierto de Polo<\/strong><\/span><span>, representando un modelo de compromiso, formaci\u00f3n y rendimiento.<\/span><\/p>\n<p data-pm-slice=%221 1 %91%93%22><span><\/span><\/p>\n<p><span>La Ensenada Polo Team es el resultado de una visi\u00f3n clara: consolidar un club donde se formen jugadores de \u00e9lite, se respire camarader\u00eda y se cultive el legado del polo argentino.<\/span><\/p>\n<p>&#8221; content_phone=&#8221;<\/p>\n<p data-pm-slice=%221 1 %91%93%22><span>Desde nuestros <\/span><span><strong>campos de polo<\/strong><\/span><span> en <\/span><span><strong>La Ensenada<\/strong><\/span><span>, llevamos el esp\u00edritu del <\/span><span><strong>Polo Club<\/strong><\/span><span> al m\u00e1s alto nivel competitivo. Nuestro equipo participa en los torneos m\u00e1s exigentes del mundo, incluyendo el prestigioso <\/span><span><strong>Campeonato Argentino Abierto de Polo<\/strong><\/span><span>, representando un modelo de compromiso, formaci\u00f3n y rendimiento.<\/span><span><\/span><\/p>\n<p><span>La Ensenada Polo Team es el resultado de una visi\u00f3n clara: consolidar un club donde se formen jugadores de \u00e9lite, se respire camarader\u00eda y se cultive el legado del polo argentino.<\/span><\/p>\n<p>&#8221; content_last_edited=&#8221;on|desktop&#8221; _builder_version=&#8221;4.27.4&#8243; _module_preset=&#8221;default&#8221; global_colors_info=&#8221;{}&#8221;]<\/p>\n<p data-pm-slice=\"1 1 []\"><span>Desde nuestros\u00a0<\/span><span><strong>campos de polo<\/strong><\/span><span>\u00a0en\u00a0<\/span><span><strong>La Ensenada<\/strong><\/span><span>, llevamos el esp\u00edritu del\u00a0<\/span><span><strong>Polo Club<\/strong><\/span><span>\u00a0al m\u00e1s alto nivel competitivo. Nuestro equipo participa en los torneos m\u00e1s exigentes del mundo, incluyendo el prestigioso\u00a0<\/span><span><strong>Campeonato Argentino Abierto de Polo<\/strong><\/span><span>, representando un modelo de compromiso, formaci\u00f3n y rendimiento.<\/span><\/p>\n<p data-pm-slice=\"1 1 []\"><span><\/span><\/p>\n<p><span>La Ensenada Polo Team es el resultado de una visi\u00f3n clara: consolidar un club donde se formen jugadores de \u00e9lite, se respire camarader\u00eda y se cultive el legado del polo argentino.<\/span><\/p>\n<p>[\/et_pb_fullwidth_header][\/et_pb_section][et_pb_section fb_built=&#8221;1&#8243; _builder_version=&#8221;4.27.4&#8243; _module_preset=&#8221;default&#8221; background_enable_color=&#8221;off&#8221; custom_margin=&#8221;0px|0px|0px|0px|false|false&#8221; custom_padding=&#8221;0px|0px|0px|0px|false|false&#8221; global_colors_info=&#8221;{}&#8221;][et_pb_row column_structure=&#8221;1_2,1_2&#8243; use_custom_gutter=&#8221;on&#8221; gutter_width=&#8221;1&#8243; make_equal=&#8221;on&#8221; _builder_version=&#8221;4.27.5&#8243; _module_preset=&#8221;default&#8221; background_color=&#8221;#f9f9f9&#8243; width=&#8221;100%&#8221; max_width=&#8221;100%&#8221; module_alignment=&#8221;center&#8221; min_height=&#8221;375px&#8221; height_tablet=&#8221;500px&#8221; height_phone=&#8221;100%&#8221; height_last_edited=&#8221;on|phone&#8221; custom_margin=&#8221;0px|0px|0px|0px|false|false&#8221; custom_padding=&#8221;0px|0px|0px|0px|false|false&#8221; hover_enabled=&#8221;0&#8243; global_colors_info=&#8221;{}&#8221; custom_css_main_element_last_edited=&#8221;on|phone&#8221; custom_css_main_element_phone=&#8221;display: flex;||flex-wrap: wrap;&#8221; sticky_enabled=&#8221;0&#8243;][et_pb_column type=&#8221;1_2&#8243; _builder_version=&#8221;4.27.5&#8243; _module_preset=&#8221;default&#8221; background_color=&#8221;#1A1A1A&#8221; background_image=&#8221;https:\/\/laensenadapolo.com\/wp-content\/uploads\/2026\/01\/jugadores-polo2026.png&#8221; hover_enabled=&#8221;0&#8243; global_colors_info=&#8221;{}&#8221; custom_css_main_element_last_edited=&#8221;on|phone&#8221; custom_css_main_element_phone=&#8221;order: 2 !important;&#8221; title_text=&#8221;jugadores-polo2026&#8243; sticky_enabled=&#8221;0&#8243; custom_padding=&#8221;120px||120px||false|false&#8221; custom_padding_last_edited=&#8221;on|desktop&#8221; custom_padding_tablet=&#8221;120px||120px||false|false&#8221; custom_padding_phone=&#8221;120px||120px||false|false&#8221;][et_pb_image title_text=&#8221;jugadores-polo2026&#8243; _builder_version=&#8221;4.27.5&#8243; _module_preset=&#8221;default&#8221; custom_margin_tablet=&#8221;&#8221; custom_margin_phone=&#8221;45px||||false|false&#8221; custom_margin_last_edited=&#8221;on|phone&#8221; hover_enabled=&#8221;0&#8243; global_colors_info=&#8221;{}&#8221; sticky_enabled=&#8221;0&#8243;][\/et_pb_image][\/et_pb_column][et_pb_column type=&#8221;1_2&#8243; _builder_version=&#8221;4.17.4&#8243; _module_preset=&#8221;default&#8221; custom_padding=&#8221;|60px||60px|false|true&#8221; custom_padding_tablet=&#8221;|60px||60px|false|true&#8221; custom_padding_phone=&#8221;0px|0px|0px|0px|true|true&#8221; custom_padding_last_edited=&#8221;on|phone&#8221; custom_css_main_element=&#8221;display: flex;||flex-direction: column;||justify-content: center;&#8221; global_colors_info=&#8221;{}&#8221; custom_css_main_element_last_edited=&#8221;on|phone&#8221; custom_css_main_element_phone=&#8221;order: 1 !important;&#8221; custom_css_main_element_tablet=&#8221;display: flex;||flex-direction: column;||justify-content: center;&#8221;][et_pb_heading title=&#8221;Equipo masculino&#8221; _builder_version=&#8221;4.27.5&#8243; _module_preset=&#8221;default&#8221; title_level=&#8221;h2&#8243; title_font=&#8221;&#8211;et_global_body_font|||on|||||&#8221; title_font_size=&#8221;60px&#8221; width=&#8221;50%&#8221; width_tablet=&#8221;50%&#8221; width_phone=&#8221;100%&#8221; width_last_edited=&#8221;on|phone&#8221; max_width_tablet=&#8221;&#8221; max_width_phone=&#8221;100%&#8221; max_width_last_edited=&#8221;on|phone&#8221; custom_margin_tablet=&#8221;&#8221; custom_margin_phone=&#8221;&#8221; custom_margin_last_edited=&#8221;on|phone&#8221; custom_padding=&#8221;|0px||0px|false|true&#8221; custom_padding_tablet=&#8221;|0px||0px|false|true&#8221; custom_padding_phone=&#8221;9px|40px|9px|40px|true|true&#8221; custom_padding_last_edited=&#8221;on|phone&#8221; title_font_size_tablet=&#8221;60px&#8221; title_font_size_phone=&#8221;46px&#8221; title_font_size_last_edited=&#8221;on|phone&#8221; global_colors_info=&#8221;{}&#8221;][\/et_pb_heading][et_pb_text _builder_version=&#8221;4.27.4&#8243; _module_preset=&#8221;default&#8221; text_font_size=&#8221;16px&#8221; width=&#8221;80%&#8221; module_alignment=&#8221;left&#8221; custom_margin_phone=&#8221;|0px||0px|false|true&#8221; custom_margin_last_edited=&#8221;off|phone&#8221; custom_padding=&#8221;|2px|0px|2px|false|true&#8221; global_colors_info=&#8221;{}&#8221;]<\/p>\n<p><span>El equipo masculino de\u00a0<\/span><span><strong>La Ensenada Polo Club<\/strong><\/span><span>\u00a0representa el alto rendimiento y la excelencia deportiva dentro de los\u00a0<\/span><span><strong>clubes de polo en Buenos Aires<\/strong><\/span><span>. Conformado por jugadores de trayectoria y j\u00f3venes talentos, entrena y compite en los principales torneos nacionales e internacionales, incluyendo el\u00a0<\/span><span><strong>Campeonato Argentino Abierto de Polo<\/strong><\/span><span>\u00a0y la\u00a0<\/span><span><strong>Triple Corona<\/strong><\/span><span>. Su desempe\u00f1o es fruto del profesionalismo, la estrategia y la pasi\u00f3n por este deporte que define a nuestra organizaci\u00f3n.<\/span><\/p>\n<p>[\/et_pb_text][\/et_pb_column][\/et_pb_row][et_pb_row use_custom_gutter=&#8221;on&#8221; gutter_width=&#8221;2&#8243; make_equal=&#8221;on&#8221; _builder_version=&#8221;4.17.4&#8243; _module_preset=&#8221;default&#8221; background_color=&#8221;#f9f9f9&#8243; width=&#8221;100%&#8221; max_width=&#8221;100%&#8221; module_alignment=&#8221;center&#8221; custom_margin=&#8221;0px|0px|0px|0px|false|false&#8221; custom_padding=&#8221;0px|0px|0px|0px|false|false&#8221; global_colors_info=&#8221;{}&#8221;][et_pb_column type=&#8221;4_4&#8243; _builder_version=&#8221;4.17.4&#8243; _module_preset=&#8221;default&#8221; background_enable_image=&#8221;off&#8221; global_colors_info=&#8221;{}&#8221;][et_pb_tabs active_tab_background_color=&#8221;#1A1A1A&#8221; inactive_tab_background_color=&#8221;#ffffff&#8221; active_tab_text_color=&#8221;#ffffff&#8221; admin_label=&#8221;Pesta\u00f1as&#8221; _builder_version=&#8221;4.27.5&#8243; _module_preset=&#8221;default&#8221; tab_text_color=&#8221;#1A1A1A&#8221; tab_font=&#8221;TT Travels Medium||||||||&#8221; tab_font_size=&#8221;17px&#8221; background_color=&#8221;#1A1A1A&#8221; custom_margin=&#8221;0px|0px|0px|0px|false|false&#8221; custom_padding=&#8221;0px|0px|0px|0px|false|false&#8221; border_width_all=&#8221;0px&#8221; border_color_all=&#8221;RGBA(255,255,255,0)&#8221; global_colors_info=&#8221;{}&#8221;][et_pb_tab title=&#8221;Juan Martin Zubia&#8221; _builder_version=&#8221;4.27.5&#8243; _module_preset=&#8221;default&#8221; global_colors_info=&#8221;{}&#8221;]<\/p>\n[et_pb_section global_module=\"2380\"][\/et_pb_section]\n<p>[\/et_pb_tab][et_pb_tab title=&#8221;Juano Britos&#8221; _builder_version=&#8221;4.21.0&#8243; _module_preset=&#8221;default&#8221; global_colors_info=&#8221;{}&#8221;]<\/p>\n<p><span>[et_pb_section global_module=\"685\"][\/et_pb_section]<\/span><\/p>\n<p>[\/et_pb_tab][et_pb_tab title=&#8221;Diego Cavanagh&#8221; _builder_version=&#8221;4.27.5&#8243; _module_preset=&#8221;default&#8221; global_colors_info=&#8221;{}&#8221;]<\/p>\n[et_pb_section global_module=\"2392\"][\/et_pb_section]\n<p>[\/et_pb_tab][et_pb_tab title=&#8221;Jer\u00f3nimo del Carril&#8221; _builder_version=&#8221;4.27.4&#8243; _module_preset=&#8221;default&#8221; tab_font=&#8221;TT Travels Medium||||||||&#8221; global_colors_info=&#8221;{}&#8221;]<\/p>\n[et_pb_section global_module=\"765\"][\/et_pb_section]\n<p>[\/et_pb_tab][\/et_pb_tabs][\/et_pb_column][\/et_pb_row][et_pb_row use_custom_gutter=&#8221;on&#8221; gutter_width=&#8221;1&#8243; make_equal=&#8221;on&#8221; _builder_version=&#8221;4.27.4&#8243; _module_preset=&#8221;default&#8221; background_color=&#8221;#f9f9f9&#8243; width=&#8221;100%&#8221; max_width=&#8221;100%&#8221; module_alignment=&#8221;center&#8221; min_height=&#8221;150px&#8221; height_tablet=&#8221;500px&#8221; height_phone=&#8221;100%&#8221; height_last_edited=&#8221;on|phone&#8221; custom_margin=&#8221;0px|0px|0px|0px|false|false&#8221; custom_padding=&#8221;0px|0px|0px|0px|false|false&#8221; global_colors_info=&#8221;{}&#8221; custom_css_main_element_last_edited=&#8221;on|phone&#8221; custom_css_main_element_phone=&#8221;display: flex;||flex-wrap: wrap;&#8221;][et_pb_column type=&#8221;4_4&#8243; _builder_version=&#8221;4.27.4&#8243; _module_preset=&#8221;default&#8221; custom_padding=&#8221;|0px||0px|false|true&#8221; custom_padding_tablet=&#8221;|60px||60px|false|true&#8221; custom_padding_phone=&#8221;0px|0px|0px|0px|true|true&#8221; custom_padding_last_edited=&#8221;on|phone&#8221; custom_css_main_element=&#8221;display: flex;||flex-direction: column;||justify-content: center;&#8221; global_colors_info=&#8221;{}&#8221; custom_css_main_element_last_edited=&#8221;on|phone&#8221; custom_css_main_element_phone=&#8221;order: 1 !important;&#8221; custom_css_main_element_tablet=&#8221;display: flex;||flex-direction: column;||justify-content: center;&#8221;][et_pb_heading title=&#8221;EQUIPO QUALY l&#8221; _builder_version=&#8221;4.27.4&#8243; _module_preset=&#8221;default&#8221; title_level=&#8221;h2&#8243; title_font=&#8221;&#8211;et_global_body_font||||||||&#8221; title_text_align=&#8221;center&#8221; title_font_size=&#8221;80px&#8221; width=&#8221;80%&#8221; width_tablet=&#8221;50%&#8221; width_phone=&#8221;100%&#8221; width_last_edited=&#8221;on|phone&#8221; max_width_tablet=&#8221;&#8221; max_width_phone=&#8221;100%&#8221; max_width_last_edited=&#8221;on|phone&#8221; module_alignment=&#8221;center&#8221; custom_margin=&#8221;48px|-405px|||false|false&#8221; custom_margin_tablet=&#8221;&#8221; custom_margin_phone=&#8221;&#8221; custom_margin_last_edited=&#8221;on|phone&#8221; custom_padding=&#8221;|0px||0px|false|true&#8221; custom_padding_tablet=&#8221;|0px||0px|false|true&#8221; custom_padding_phone=&#8221;9px|40px|9px|40px|true|true&#8221; custom_padding_last_edited=&#8221;on|phone&#8221; title_font_size_tablet=&#8221;60px&#8221; title_font_size_phone=&#8221;46px&#8221; title_font_size_last_edited=&#8221;on|phone&#8221; global_colors_info=&#8221;{}&#8221;][\/et_pb_heading][\/et_pb_column][\/et_pb_row][et_pb_row use_custom_gutter=&#8221;on&#8221; gutter_width=&#8221;2&#8243; make_equal=&#8221;on&#8221; _builder_version=&#8221;4.17.4&#8243; _module_preset=&#8221;default&#8221; background_color=&#8221;#f9f9f9&#8243; width=&#8221;100%&#8221; max_width=&#8221;100%&#8221; module_alignment=&#8221;center&#8221; custom_margin=&#8221;0px|0px|0px|0px|false|false&#8221; custom_padding=&#8221;0px|0px|0px|0px|false|false&#8221; global_colors_info=&#8221;{}&#8221;][et_pb_column type=&#8221;4_4&#8243; _builder_version=&#8221;4.17.4&#8243; _module_preset=&#8221;default&#8221; background_enable_image=&#8221;off&#8221; global_colors_info=&#8221;{}&#8221;][et_pb_tabs active_tab_background_color=&#8221;#1A1A1A&#8221; inactive_tab_background_color=&#8221;#ffffff&#8221; active_tab_text_color=&#8221;#ffffff&#8221; _builder_version=&#8221;4.27.4&#8243; _module_preset=&#8221;default&#8221; tab_text_color=&#8221;#1A1A1A&#8221; tab_font=&#8221;TT Travels Medium||||||||&#8221; tab_font_size=&#8221;17px&#8221; background_color=&#8221;#1A1A1A&#8221; custom_margin=&#8221;0px|0px|0px|0px|false|false&#8221; custom_padding=&#8221;0px|0px|0px|0px|false|false&#8221; border_width_all=&#8221;0px&#8221; border_color_all=&#8221;RGBA(255,255,255,0)&#8221; global_colors_info=&#8221;{}&#8221;][et_pb_tab title=&#8221;TOMAS F. LLORENTE&#8221; _builder_version=&#8221;4.27.4&#8243; _module_preset=&#8221;default&#8221; global_colors_info=&#8221;{}&#8221;]<\/p>\n<p><span>[et_pb_section global_module=\"2493\"][\/et_pb_section]<\/span><\/p>\n<p>[\/et_pb_tab][et_pb_tab title=&#8221;FACUNDO F. LLORENTE&#8221; _builder_version=&#8221;4.27.4&#8243; _module_preset=&#8221;default&#8221; global_colors_info=&#8221;{}&#8221;]<\/p>\n<p><span>[et_pb_section global_module=\"2498\"][\/et_pb_section]<\/span><\/p>\n<p>[\/et_pb_tab][et_pb_tab title=&#8221;SANTIAGO LOZA&#8221; _builder_version=&#8221;4.27.4&#8243; _module_preset=&#8221;default&#8221; global_colors_info=&#8221;{}&#8221;]<\/p>\n<p><span>[et_pb_section global_module=\"2503\"][\/et_pb_section]<\/span><\/p>\n<p>[\/et_pb_tab][et_pb_tab title=&#8221;TOMAS BERESFORD&#8221; _builder_version=&#8221;4.27.4&#8243; _module_preset=&#8221;default&#8221; tab_font=&#8221;TT Travels Medium||||||||&#8221; global_colors_info=&#8221;{}&#8221;]<\/p>\n<p><span>[et_pb_section global_module=\"2508\"][\/et_pb_section]<\/span><\/p>\n<p>[\/et_pb_tab][\/et_pb_tabs][\/et_pb_column][\/et_pb_row][et_pb_row use_custom_gutter=&#8221;on&#8221; gutter_width=&#8221;1&#8243; make_equal=&#8221;on&#8221; _builder_version=&#8221;4.27.4&#8243; _module_preset=&#8221;default&#8221; background_color=&#8221;#f9f9f9&#8243; width=&#8221;100%&#8221; max_width=&#8221;100%&#8221; module_alignment=&#8221;center&#8221; min_height=&#8221;150px&#8221; height_tablet=&#8221;500px&#8221; height_phone=&#8221;100%&#8221; height_last_edited=&#8221;on|phone&#8221; custom_margin=&#8221;|0px|0px|0px|false|false&#8221; custom_padding=&#8221;0px|0px|0px|0px|false|false&#8221; global_colors_info=&#8221;{}&#8221; custom_css_main_element_last_edited=&#8221;on|phone&#8221; custom_css_main_element_phone=&#8221;display: flex;||flex-wrap: wrap;&#8221;][et_pb_column type=&#8221;4_4&#8243; _builder_version=&#8221;4.27.4&#8243; _module_preset=&#8221;default&#8221; custom_padding=&#8221;|0px||0px|false|true&#8221; custom_padding_tablet=&#8221;|60px||60px|false|true&#8221; custom_padding_phone=&#8221;0px|0px|0px|0px|true|true&#8221; custom_padding_last_edited=&#8221;on|phone&#8221; custom_css_main_element=&#8221;display: flex;||flex-direction: column;||justify-content: center;&#8221; global_colors_info=&#8221;{}&#8221; custom_css_main_element_last_edited=&#8221;on|phone&#8221; custom_css_main_element_phone=&#8221;order: 1 !important;&#8221; custom_css_main_element_tablet=&#8221;display: flex;||flex-direction: column;||justify-content: center;&#8221;][et_pb_heading title=&#8221;EQUIPO QUALY ll&#8221; _builder_version=&#8221;4.27.4&#8243; _module_preset=&#8221;default&#8221; title_level=&#8221;h2&#8243; title_font=&#8221;&#8211;et_global_body_font||||||||&#8221; title_text_align=&#8221;center&#8221; title_font_size=&#8221;80px&#8221; width=&#8221;80%&#8221; width_tablet=&#8221;50%&#8221; width_phone=&#8221;100%&#8221; width_last_edited=&#8221;on|phone&#8221; max_width_tablet=&#8221;&#8221; max_width_phone=&#8221;100%&#8221; max_width_last_edited=&#8221;on|phone&#8221; module_alignment=&#8221;center&#8221; custom_margin=&#8221;48px|-405px|||false|false&#8221; custom_margin_tablet=&#8221;&#8221; custom_margin_phone=&#8221;&#8221; custom_margin_last_edited=&#8221;on|phone&#8221; custom_padding=&#8221;|0px||0px|false|true&#8221; custom_padding_tablet=&#8221;|0px||0px|false|true&#8221; custom_padding_phone=&#8221;9px|40px|9px|40px|true|true&#8221; custom_padding_last_edited=&#8221;on|phone&#8221; title_font_size_tablet=&#8221;60px&#8221; title_font_size_phone=&#8221;46px&#8221; title_font_size_last_edited=&#8221;on|phone&#8221; global_colors_info=&#8221;{}&#8221;][\/et_pb_heading][\/et_pb_column][\/et_pb_row][et_pb_row use_custom_gutter=&#8221;on&#8221; gutter_width=&#8221;2&#8243; make_equal=&#8221;on&#8221; _builder_version=&#8221;4.17.4&#8243; _module_preset=&#8221;default&#8221; background_color=&#8221;#f9f9f9&#8243; width=&#8221;100%&#8221; max_width=&#8221;100%&#8221; module_alignment=&#8221;center&#8221; custom_margin=&#8221;0px|0px|0px|0px|false|false&#8221; custom_padding=&#8221;0px|0px|0px|0px|false|false&#8221; global_colors_info=&#8221;{}&#8221;][et_pb_column type=&#8221;4_4&#8243; _builder_version=&#8221;4.17.4&#8243; _module_preset=&#8221;default&#8221; background_enable_image=&#8221;off&#8221; global_colors_info=&#8221;{}&#8221;][et_pb_tabs active_tab_background_color=&#8221;#1A1A1A&#8221; inactive_tab_background_color=&#8221;#ffffff&#8221; active_tab_text_color=&#8221;#ffffff&#8221; _builder_version=&#8221;4.27.4&#8243; _module_preset=&#8221;default&#8221; tab_text_color=&#8221;#1A1A1A&#8221; tab_font=&#8221;TT Travels Medium||||||||&#8221; tab_font_size=&#8221;17px&#8221; background_color=&#8221;#1A1A1A&#8221; custom_margin=&#8221;0px|0px|0px|0px|false|false&#8221; custom_padding=&#8221;0px|0px|0px|0px|false|false&#8221; border_width_all=&#8221;0px&#8221; border_color_all=&#8221;RGBA(255,255,255,0)&#8221; global_colors_info=&#8221;{}&#8221;][et_pb_tab title=&#8221;SEGUNDO BOCCHINO &#8221; _builder_version=&#8221;4.27.4&#8243; _module_preset=&#8221;default&#8221; global_colors_info=&#8221;{}&#8221;]<\/p>\n<p><span>[et_pb_section global_module=\"2553\"][\/et_pb_section]<\/span><\/p>\n<p>[\/et_pb_tab][et_pb_tab title=&#8221;JESSE BREY&#8221; _builder_version=&#8221;4.27.4&#8243; _module_preset=&#8221;default&#8221; global_colors_info=&#8221;{}&#8221;]<\/p>\n<p><span>[et_pb_section global_module=\"2581\"][\/et_pb_section]<\/span><\/p>\n<p>[\/et_pb_tab][et_pb_tab title=&#8221;RAUL COLOMBRES&#8221; _builder_version=&#8221;4.27.4&#8243; _module_preset=&#8221;default&#8221; global_colors_info=&#8221;{}&#8221;]<\/p>\n<p><span>[et_pb_section global_module=\"2589\"][\/et_pb_section]<\/span><\/p>\n<p>[\/et_pb_tab][et_pb_tab title=&#8221;MATIAS T. ZAVALETA&#8221; _builder_version=&#8221;4.27.4&#8243; _module_preset=&#8221;default&#8221; tab_font=&#8221;TT Travels Medium||||||||&#8221; global_colors_info=&#8221;{}&#8221;]<\/p>\n<p><span>[et_pb_section global_module=\"2595\"][\/et_pb_section]<\/span><\/p>\n<p>[\/et_pb_tab][\/et_pb_tabs][\/et_pb_column][\/et_pb_row][et_pb_row column_structure=&#8221;1_2,1_2&#8243; use_custom_gutter=&#8221;on&#8221; gutter_width=&#8221;1&#8243; make_equal=&#8221;on&#8221; custom_padding_last_edited=&#8221;on|desktop&#8221; _builder_version=&#8221;4.21.0&#8243; _module_preset=&#8221;default&#8221; background_color=&#8221;#f9f9f9&#8243; width=&#8221;100%&#8221; max_width=&#8221;100%&#8221; module_alignment=&#8221;center&#8221; height_tablet=&#8221;500px&#8221; height_phone=&#8221;&#8221; height_last_edited=&#8221;on|phone&#8221; custom_margin=&#8221;0px|0px|0px|0px|false|false&#8221; custom_margin_tablet=&#8221;0px|0px|0px|0px|false|false&#8221; custom_margin_phone=&#8221;0px|0px|0px|0px|false|false&#8221; custom_margin_last_edited=&#8221;on|desktop&#8221; custom_padding=&#8221;0px|0px|0px|0px|false|false&#8221; custom_padding_tablet=&#8221;0px|0px|0px|0px|false|false&#8221; custom_padding_phone=&#8221;0px|0px|0px|0px|false|false&#8221; global_colors_info=&#8221;{}&#8221;][et_pb_column type=&#8221;1_2&#8243; _builder_version=&#8221;4.17.4&#8243; _module_preset=&#8221;default&#8221; custom_padding=&#8221;30px|60px||60px|false|true&#8221; custom_padding_tablet=&#8221;|60px||60px|false|true&#8221; custom_padding_phone=&#8221;0px|0px|0px|0px|true|true&#8221; custom_padding_last_edited=&#8221;on|phone&#8221; custom_css_main_element=&#8221;display: flex;||flex-direction: column;||justify-content: center;&#8221; global_colors_info=&#8221;{}&#8221;][et_pb_heading title=&#8221;Equipo femenino&#8221; _builder_version=&#8221;4.27.4&#8243; _module_preset=&#8221;default&#8221; title_level=&#8221;h2&#8243; title_font=&#8221;&#8211;et_global_body_font|||on|||||&#8221; title_font_size=&#8221;60px&#8221; width=&#8221;50%&#8221; custom_margin_tablet=&#8221;&#8221; custom_margin_phone=&#8221;&#8221; custom_margin_last_edited=&#8221;on|phone&#8221; custom_padding_tablet=&#8221;&#8221; custom_padding_phone=&#8221;|40px||40px|false|true&#8221; custom_padding_last_edited=&#8221;on|phone&#8221; title_font_size_tablet=&#8221;60px&#8221; title_font_size_phone=&#8221;46px&#8221; title_font_size_last_edited=&#8221;on|phone&#8221; global_colors_info=&#8221;{}&#8221;][\/et_pb_heading][et_pb_text _builder_version=&#8221;4.27.4&#8243; _module_preset=&#8221;default&#8221; text_font_size=&#8221;16px&#8221; width=&#8221;80%&#8221; module_alignment=&#8221;left&#8221; custom_margin_tablet=&#8221;&#8221; custom_margin_phone=&#8221;&#8221; custom_margin_last_edited=&#8221;on|phone&#8221; custom_padding_tablet=&#8221;&#8221; custom_padding_phone=&#8221;|40px||40px|true|true&#8221; custom_padding_last_edited=&#8221;on|phone&#8221; global_colors_info=&#8221;{}&#8221;]<\/p>\n<p data-pm-slice=\"1 1 []\"><span>El equipo femenino refleja el crecimiento y la consolidaci\u00f3n de La Ensenada como referente entre los <\/span><span><strong>clubes de polo en Buenos Aires<\/strong><\/span><span>. Formado por jugadoras comprometidas, talentosas y con fuerte proyecci\u00f3n internacional, compite activamente en circuitos nacionales e internacionales, llevando el esp\u00edritu del <\/span><span><strong>Polo Club La Ensenada<\/strong><\/span><span> a lo m\u00e1s alto. Con disciplina y visi\u00f3n, el equipo femenino contin\u00faa abriendo camino dentro del polo profesional.<\/span><\/p>\n<p><span>Ambos equipos entrenan y compiten en los mejores <\/span><span><strong>campos de polo<\/strong><\/span><span> del pa\u00eds, representando con orgullo a La Ensenada en cada jugada.<\/span><\/p>\n<p>[\/et_pb_text][\/et_pb_column][et_pb_column type=&#8221;1_2&#8243; _builder_version=&#8221;4.21.0&#8243; _module_preset=&#8221;default&#8221; background_enable_image=&#8221;off&#8221; global_colors_info=&#8221;{}&#8221; custom_css_main_element_last_edited=&#8221;off|desktop&#8221; custom_css_main_element_phone=&#8221;display: none !important;&#8221;][et_pb_image src=&#8221;https:\/\/laensenadapolo.com\/wp-content\/uploads\/2023\/05\/Foto-principal.webp&#8221; title_text=&#8221;Foto principal&#8221; show_bottom_space=&#8221;off&#8221; _builder_version=&#8221;4.21.0&#8243; _module_preset=&#8221;default&#8221; custom_margin_tablet=&#8221;&#8221; custom_margin_phone=&#8221;50px||||false|false&#8221; custom_margin_last_edited=&#8221;on|phone&#8221; global_colors_info=&#8221;{}&#8221;][\/et_pb_image][\/et_pb_column][\/et_pb_row][et_pb_row use_custom_gutter=&#8221;on&#8221; gutter_width=&#8221;2&#8243; make_equal=&#8221;on&#8221; _builder_version=&#8221;4.17.4&#8243; _module_preset=&#8221;default&#8221; background_color=&#8221;#f9f9f9&#8243; width=&#8221;100%&#8221; max_width=&#8221;100%&#8221; module_alignment=&#8221;center&#8221; custom_margin=&#8221;0px|0px|0px|0px|false|false&#8221; custom_padding=&#8221;0px|0px|0px|0px|false|false&#8221; global_colors_info=&#8221;{}&#8221;][et_pb_column type=&#8221;4_4&#8243; _builder_version=&#8221;4.17.4&#8243; _module_preset=&#8221;default&#8221; background_enable_image=&#8221;off&#8221; global_colors_info=&#8221;{}&#8221;][et_pb_tabs active_tab_background_color=&#8221;#1A1A1A&#8221; inactive_tab_background_color=&#8221;#ffffff&#8221; active_tab_text_color=&#8221;#ffffff&#8221; _builder_version=&#8221;4.27.4&#8243; _module_preset=&#8221;default&#8221; tab_text_color=&#8221;#1A1A1A&#8221; tab_font=&#8221;TT Travels Medium||||||||&#8221; tab_font_size=&#8221;17px&#8221; background_color=&#8221;#1A1A1A&#8221; custom_margin=&#8221;0px|0px|0px|0px|false|false&#8221; custom_padding=&#8221;0px|0px|0px|0px|false|false&#8221; border_width_all=&#8221;0px&#8221; border_color_all=&#8221;RGBA(255,255,255,0)&#8221; global_colors_info=&#8221;{}&#8221;][et_pb_tab title=&#8221;2025&#8243; _builder_version=&#8221;4.27.4&#8243; _module_preset=&#8221;default&#8221; global_colors_info=&#8221;{}&#8221;]<\/p>\n<p><span>[et_pb_section global_module=\"2666\"][\/et_pb_section]<\/span><\/p>\n<p>[\/et_pb_tab][et_pb_tab title=&#8221;2024&#8243; _builder_version=&#8221;4.27.4&#8243; _module_preset=&#8221;default&#8221; global_colors_info=&#8221;{}&#8221;]<\/p>\n<p><span>[et_pb_section global_module=\"2411\"][\/et_pb_section]<\/span><\/p>\n<p>[\/et_pb_tab][et_pb_tab title=&#8221;2023&#8243; _builder_version=&#8221;4.27.4&#8243; _module_preset=&#8221;default&#8221; global_colors_info=&#8221;{}&#8221;]<\/p>\n<p><span>[et_pb_section global_module=\"2415\"][\/et_pb_section]<\/span><\/p>\n<p>[\/et_pb_tab][et_pb_tab title=&#8221;2022&#8243; _builder_version=&#8221;4.21.0&#8243; _module_preset=&#8221;default&#8221; global_colors_info=&#8221;{}&#8221;][et_pb_section global_module=\"973\"][\/et_pb_section][\/et_pb_tab][et_pb_tab title=&#8221;2021&#8243; _builder_version=&#8221;4.21.0&#8243; _module_preset=&#8221;default&#8221; global_colors_info=&#8221;{}&#8221;][et_pb_section global_module=\"976\"][\/et_pb_section][\/et_pb_tab][et_pb_tab title=&#8221;2019&#8243; _builder_version=&#8221;4.21.0&#8243; _module_preset=&#8221;default&#8221; tab_font=&#8221;TT Travels Medium||||||||&#8221; global_colors_info=&#8221;{}&#8221;][et_pb_section global_module=\"983\"][\/et_pb_section][\/et_pb_tab][\/et_pb_tabs][\/et_pb_column][\/et_pb_row][\/et_pb_section]<\/p>\n","protected":false},"excerpt":{"rendered":"<p>Desde nuestros campos de polo en La Ensenada, llevamos el esp\u00edritu del Polo Club al m\u00e1s alto nivel competitivo. Nuestro equipo participa en los torneos m\u00e1s exigentes del mundo, incluyendo el prestigioso Campeonato Argentino Abierto de Polo, representando un modelo de compromiso, formaci\u00f3n y rendimiento. &nbsp; &nbsp; La Ensenada Polo Team es el resultado de una visi\u00f3n clara: consolidar un club donde se formen jugadores de \u00e9lite, se respire camarader\u00eda y se cultive el legado del polo argentino.Desde nuestros\u00a0campos de polo\u00a0en\u00a0La Ensenada, llevamos el esp\u00edritu del\u00a0Polo Club\u00a0al m\u00e1s alto nivel competitivo. Nuestro equipo participa en los torneos m\u00e1s exigentes del mundo, incluyendo el prestigioso\u00a0Campeonato Argentino Abierto de Polo, representando un modelo de compromiso, formaci\u00f3n y rendimiento. La Ensenada Polo Team es el resultado de una visi\u00f3n clara: consolidar un club donde se formen jugadores de \u00e9lite, se respire camarader\u00eda y se cultive el legado del polo argentino.El equipo masculino de\u00a0La Ensenada Polo Club\u00a0representa el alto rendimiento y la excelencia deportiva dentro de los\u00a0clubes de polo en Buenos Aires. Conformado por jugadores de trayectoria y j\u00f3venes talentos, entrena y compite en los principales torneos nacionales e internacionales, incluyendo el\u00a0Campeonato Argentino Abierto de Polo\u00a0y la\u00a0Triple Corona. Su desempe\u00f1o es fruto del profesionalismo, [&hellip;]<\/p>\n","protected":false},"author":3,"featured_media":0,"parent":0,"menu_order":0,"comment_status":"closed","ping_status":"closed","template":"","meta":{"_acf_changed":false,"_et_pb_use_builder":"on","_et_pb_old_content":"","_et_gb_content_width":"","footnotes":""},"dipi_cpt_category":[],"class_list":["post-546","page","type-page","status-publish","hentry"],"acf":[],"_links":{"self":[{"href":"https:\/\/laensenadapolo.com\/en\/wp-json\/wp\/v2\/pages\/546","targetHints":{"allow":["GET"]}}],"collection":[{"href":"https:\/\/laensenadapolo.com\/en\/wp-json\/wp\/v2\/pages"}],"about":[{"href":"https:\/\/laensenadapolo.com\/en\/wp-json\/wp\/v2\/types\/page"}],"author":[{"embeddable":true,"href":"https:\/\/laensenadapolo.com\/en\/wp-json\/wp\/v2\/users\/3"}],"replies":[{"embeddable":true,"href":"https:\/\/laensenadapolo.com\/en\/wp-json\/wp\/v2\/comments?post=546"}],"version-history":[{"count":191,"href":"https:\/\/laensenadapolo.com\/en\/wp-json\/wp\/v2\/pages\/546\/revisions"}],"predecessor-version":[{"id":2787,"href":"https:\/\/laensenadapolo.com\/en\/wp-json\/wp\/v2\/pages\/546\/revisions\/2787"}],"wp:attachment":[{"href":"https:\/\/laensenadapolo.com\/en\/wp-json\/wp\/v2\/media?parent=546"}],"wp:term":[{"taxonomy":"dipi_cpt_category","embeddable":true,"href":"https:\/\/laensenadapolo.com\/en\/wp-json\/wp\/v2\/dipi_cpt_category?post=546"}],"curies":[{"name":"wp","href":"https:\/\/api.w.org\/{rel}","templated":true}]}}